{"id":445,"date":"2018-02-09T00:05:10","date_gmt":"2018-02-09T00:05:10","guid":{"rendered":"http:\/\/atalakulo.hu\/holnap\/?page_id=445"},"modified":"2018-02-09T19:00:17","modified_gmt":"2018-02-09T19:00:17","slug":"simon-peter-pecs","status":"publish","type":"page","link":"http:\/\/atalakulo.hu\/holnap\/a-holnap-bajnokai\/simon-peter-pecs\/","title":{"rendered":"Simon P\u00e9ter &#8211; P\u00e9cs"},"content":{"rendered":"<h4><i><img fetchpriority=\"high\" decoding=\"async\" class=\"alignright wp-image-448 size-large\" src=\"http:\/\/atalakulo.hu\/holnap\/wp-content\/uploads\/2018\/02\/prof-pic-1024x678.jpg\" alt=\"\" width=\"525\" height=\"348\" srcset=\"http:\/\/atalakulo.hu\/holnap\/wp-content\/uploads\/2018\/02\/prof-pic-1024x678.jpg 1024w, http:\/\/atalakulo.hu\/holnap\/wp-content\/uploads\/2018\/02\/prof-pic-300x199.jpg 300w, http:\/\/atalakulo.hu\/holnap\/wp-content\/uploads\/2018\/02\/prof-pic-768x509.jpg 768w\" sizes=\"(max-width: 525px) 100vw, 525px\" \/><\/i><\/h4>\n<h4><i>Mi motiv\u00e1lt, hogy belev\u00e1gj a vet\u00edt\u00e9s szervez\u00e9s\u00e9be?<\/i><\/h4>\n<div>\n<p>El\u0151sz\u00f6r \u00f6n\u00f6s \u00e9rdek vez\u00e9relt, m\u00e9gpedig az, hogy m\u00e1r r\u00e9g\u00f3ta meg akartam n\u00e9zni a filmet. Sokat hallottam r\u00f3la \u00e9s sokszor m\u00e1r majdnem l\u00e1ttam, \u00fagyhogy gondoltam megragadom az alkalmat \u00e9s elv\u00e1llalom a szervez\u00e9s\u00e9t. Persze tudtam, hogy mir\u0151l sz\u00f3l, hogy milyen er\u0151teljes \u00e9s hogy m\u00e1soknak is l\u00e1tniuk kell a filmet. Azt\u00e1n mikor megn\u00e9ztem (hogy az\u00e9rt m\u00e9giscsak hitelesen tudjam el\u0151adni m\u00e1soknak, hogy milyen j\u00f3), akkor v\u00e1lt csak igaz\u00e1n meggy\u0151z\u0151d\u00e9ss\u00e9 bennem, hogy ezt t\u00e9nyleg mindenkinek l\u00e1tnia kell!<\/p>\n<\/div>\n<div>A filmben eml\u00edtett megold\u00e1sok k\u00f6z\u00fcl sokat szem\u00e9lyesen is l\u00e1ttam m\u0171k\u00f6dni: Totnes-ban, az onnan kiindul\u00f3 Transition Network (\u00c1talakul\u00f3 K\u00f6z\u00f6ss\u00e9gek H\u00e1l\u00f3zata) hat\u00e1sait tapasztalhattam \u00e9l\u0151ben, Bristol-ban pedig a saj\u00e1t, helyi p\u00e9nz\u00fcket, a Bristol Pound-ot l\u00e1ttam \u00e9lesben m\u0171k\u00f6dni, m\u00e9ghozz\u00e1 j\u00f3l m\u0171k\u00f6dni! M\u00e9gis, ha ezeket elmes\u00e9lem embereknek, akkor csak b\u00f3logatnak. A film sokkal jobb munk\u00e1t v\u00e9gez ezen a t\u00e9ren, nagyon j\u00f3l f\u00f6l\u00e9p\u00edti \u00e9s bemutatja ezeket a j\u00f3l m\u0171k\u00f6d\u0151 p\u00e9ld\u00e1kat, ez\u00e9rt is szeretn\u00e9m, hogy min\u00e9l t\u00f6bben l\u00e1ss\u00e1k.<\/div>\n<div><\/div>\n<h4><i>Mit v\u00e1rsz a p\u00e9csi vet\u00edt\u00e9st\u0151l?<\/i><\/h4>\n<div>Azt hogy valamit elind\u00edt, valakit megmozgat, valakit elgondolkodtat, valakit fellelkes\u00edt, valakit v\u00e1ltoz\u00e1sra sarkall, de legal\u00e1bbis mindenkiben nyomot hagy!<\/div>\n<div><\/div>\n<h4><i>Mi a te \u00e1lmod\/sz\u00edv\u00fcgyed? Milyen \u00fcgyekkel foglalatoskodsz, ami k\u00f6t\u0151dik a film t\u00e9m\u00e1j\u00e1hoz?<\/i><\/h4>\n<div>Err\u0151l rengeteget tudn\u00e9k besz\u00e9lni, de r\u00f6viden: permakult\u00fara.<\/div>\n<div>Sz\u00edv\u00fcgyem, hogy min\u00e9l t\u00f6bb ember megismerkedjen a permakult\u00far\u00e1val \u00e9s a fenntarthat\u00f3s\u00e1g fel\u00e9 igyekezzen. Az, hogy felismerj\u00e9k, hogy igenis sz\u00e1m\u00edt, hogy hogyan \u00e9lnek ezen a bolyg\u00f3n, mit csin\u00e1lnak, hogy b\u00e1nnak a k\u00f6rnyezet\u00fckkel (term\u00e9szettel \u00e9s emberekkel egyar\u00e1nt). Ez a f\u0151 sz\u00e1l, ami a filmhez k\u00f6t \u00e9s ezen \u00e9rt\u00e9kek kommunik\u00e1l\u00e1s\u00e1ra ez egy nagyon j\u00f3 eszk\u00f6z!<\/div>\n","protected":false},"excerpt":{"rendered":"<p>Mi motiv\u00e1lt, hogy belev\u00e1gj a vet\u00edt\u00e9s szervez\u00e9s\u00e9be? El\u0151sz\u00f6r \u00f6n\u00f6s \u00e9rdek vez\u00e9relt, m\u00e9gpedig az, hogy m\u00e1r r\u00e9g\u00f3ta meg akartam n\u00e9zni a filmet. Sokat hallottam r\u00f3la \u00e9s sokszor m\u00e1r majdnem l\u00e1ttam, \u00fagyhogy gondoltam megragadom az alkalmat \u00e9s elv\u00e1llalom a szervez\u00e9s\u00e9t. Persze tudtam, hogy mir\u0151l sz\u00f3l, hogy milyen er\u0151teljes \u00e9s hogy m\u00e1soknak is l\u00e1tniuk kell a filmet. Azt\u00e1n &hellip; <\/p>\n<p class=\"link-more\"><a href=\"http:\/\/atalakulo.hu\/holnap\/a-holnap-bajnokai\/simon-peter-pecs\/\" class=\"more-link\"><span class=\"screen-reader-text\">&#8222;Simon P\u00e9ter &#8211; P\u00e9cs&#8221;<\/span> b\u0151vebben<\/a><\/p>\n","protected":false},"author":7,"featured_media":0,"parent":40,"menu_order":0,"comment_status":"closed","ping_status":"closed","template":"","meta":{"footnotes":""},"class_list":["post-445","page","type-page","status-publish","hentry","wpautop"],"aioseo_notices":[],"featured_image_src":null,"_links":{"self":[{"href":"http:\/\/atalakulo.hu\/holnap\/wp-json\/wp\/v2\/pages\/445","targetHints":{"allow":["GET"]}}],"collection":[{"href":"http:\/\/atalakulo.hu\/holnap\/wp-json\/wp\/v2\/pages"}],"about":[{"href":"http:\/\/atalakulo.hu\/holnap\/wp-json\/wp\/v2\/types\/page"}],"author":[{"embeddable":true,"href":"http:\/\/atalakulo.hu\/holnap\/wp-json\/wp\/v2\/users\/7"}],"replies":[{"embeddable":true,"href":"http:\/\/atalakulo.hu\/holnap\/wp-json\/wp\/v2\/comments?post=445"}],"version-history":[{"count":7,"href":"http:\/\/atalakulo.hu\/holnap\/wp-json\/wp\/v2\/pages\/445\/revisions"}],"predecessor-version":[{"id":454,"href":"http:\/\/atalakulo.hu\/holnap\/wp-json\/wp\/v2\/pages\/445\/revisions\/454"}],"up":[{"embeddable":true,"href":"http:\/\/atalakulo.hu\/holnap\/wp-json\/wp\/v2\/pages\/40"}],"wp:attachment":[{"href":"http:\/\/atalakulo.hu\/holnap\/wp-json\/wp\/v2\/media?parent=445"}],"curies":[{"name":"wp","href":"https:\/\/api.w.org\/{rel}","templated":true}]}}