{"id":237,"date":"2025-01-30T20:24:02","date_gmt":"2025-01-30T19:24:02","guid":{"rendered":"https:\/\/atalakulo.hu\/holnap\/civilla\/?page_id=237"},"modified":"2025-03-04T17:50:49","modified_gmt":"2025-03-04T16:50:49","slug":"esemenyek","status":"publish","type":"page","link":"https:\/\/atalakulo.hu\/holnap\/civilla\/esemenyek\/","title":{"rendered":"Esem\u00e9nyeink"},"content":{"rendered":"\t\t<div data-elementor-type=\"wp-page\" data-elementor-id=\"237\" class=\"elementor elementor-237\" data-elementor-post-type=\"page\">\n\t\t\t\t<div class=\"elementor-element elementor-element-79d4188 e-flex e-con-boxed e-con e-parent\" data-id=\"79d4188\" data-element_type=\"container\" data-e-type=\"container\">\n\t\t\t\t\t<div class=\"e-con-inner\">\n\t\t\t\t<div class=\"elementor-element elementor-element-fb5d245 elementor-widget elementor-widget-text-editor\" data-id=\"fb5d245\" data-element_type=\"widget\" data-e-type=\"widget\" data-widget_type=\"text-editor.default\">\n\t\t\t\t<div class=\"elementor-widget-container\">\n\t\t\t\t\t\t\t\t\t<p style=\"text-align: center;\"><strong>N\u00e1lunk zajlik az \u00e9let!\u00a0<\/strong><\/p><p style=\"text-align: center;\"><strong>Gyere TE is, v\u00e1runk szeretettel!\u00a0\u00a0<\/strong><\/p>\t\t\t\t\t\t\t\t<\/div>\n\t\t\t\t<\/div>\n\t\t\t\t\t<\/div>\n\t\t\t\t<\/div>\n\t\t<div class=\"elementor-element elementor-element-e2d0184 e-flex e-con-boxed e-con e-parent\" data-id=\"e2d0184\" data-element_type=\"container\" data-e-type=\"container\">\n\t\t\t\t\t<div class=\"e-con-inner\">\n\t\t\t\t<div class=\"elementor-element elementor-element-f83fcd6 title_hover_border_disable title-one-line section-title-align-center title-alignment-center section-title-style-style1 title_position_default img_hover_animation_default readmore-btn-default-style grid-hover-overlay-type-always grid-hover-overlay-height-default hover-overlay-height-default tpg-border-bottom-disable elementor-widget elementor-widget-tpg-grid-hover-layout\" data-id=\"f83fcd6\" data-element_type=\"widget\" data-e-type=\"widget\" data-widget_type=\"tpg-grid-hover-layout.default\">\n\t\t\t\t<div class=\"elementor-widget-container\">\n\t\t\t\t\t\n        <div class=\"rt-container-fluid rt-tpg-container tpg-el-main-wrapper grid_hover-layout2-main \"\n             id=\"rt-tpg-container-2850521160\"\n             data-layout=\"grid_hover-layout2\"\n             data-sc-id=\"elementor\"\n             data-el-settings=''\n             data-el-query=''\n             data-el-path=''\n        >\n\t\t\t            <div class='tpg-header-wrapper '>\n\t\t\t\t\n        <div class=\"tpg-widget-heading-wrapper rt-clear heading-style1 \">\n            <span class=\"tpg-widget-heading-line line-left\"><\/span>\n            <h1 class='tpg-widget-heading'>\n            \n                                    <span>\n\t\t\t\t\t\tEsem\u00e9nyeink\t\t\t\t\t<\/span>\n                    \n                            <\/h1>            <span class=\"tpg-widget-heading-line line-right\"><\/span>\n\n            \n        <\/div>\n\n        \n                    <\/div>\n\n            <div data-title=\"Loading ...\"\n                 class=\"rt-row rt-content-loader grid_hover-layout2 tpg-even grid-behaviour grid_hover_layout_wrapper\">\n\t\t\t\t\n<div class=\"rt-col-md-12 rt-col-sm-6 rt-col-xs-12 default rt-grid-hover-item rt-grid-item\" data-id=\"1023\">\n\t<div class=\"rt-holder tpg-post-holder \">\n\t\t<div class=\"rt-detail rt-el-content-wrapper\">\n\t\t\t\t\t\t\t<div class=\"rt-img-holder tpg-el-image-wrap has-thumbnail\">\n\t\t\t\t\t<a data-id=\"1023\" href=\"https:\/\/atalakulo.hu\/holnap\/civilla\/2025\/06\/04\/szaytor-klub-megelhetes-a-homokon\/\" class=\"tpg-post-link\" target=\"_self\">                        <img fetchpriority=\"high\" decoding=\"async\" src=\"https:\/\/atalakulo.hu\/holnap\/civilla\/wp-content\/uploads\/sites\/4\/2025\/06\/500244209_693688793372407_8567437461695684530_n-768x402.jpg\"\n                             class=\"rt-img-responsive\"\n                             width=\"768\"\n                             height=\"402\"\n                             alt=\"Szaytor Klub-Meg\u00e9lhet\u00e9s a homokon\">\n                        \n                            \n        <\/a>\n                <div class=\"overlay grid-hover-content\"><\/div>\n        \t\t\t\t<\/div>\n\t\t\t\n\t\t\t<div class=\"grid-hover-content\">\n\n\t\t\t\t<div class=\"entry-title-wrapper\"><h1 class=\"entry-title\"><a data-id=\"1023\" href=\"https:\/\/atalakulo.hu\/holnap\/civilla\/2025\/06\/04\/szaytor-klub-megelhetes-a-homokon\/\" class=\"tpg-post-link\" target=\"_self\">Szaytor Klub-Meg\u00e9lhet\u00e9s a homokon<\/a><\/h1><\/div>\n\n\t\t\t\t\n\t\t\t\t\t\t\t\t\t<div class=\"tpg-excerpt tpg-el-excerpt\">\n\t\t\t\t\t\t\t\t\t\t\t\t\t<div class=\"tpg-excerpt-inner\">\n\t\t\t\t\t\t\t\tOlga akt\u00edv nyugd\u00edjask\u00e9nt a term\u00e9szetv\u00e9delemnek, a t\u00e1j-ember kapcsolat\u00e1nak, valamint a nemzetk\u00f6zi...\t\t\t\t\t\t\t<\/div>\n\t\t\t\t\t\t\t\t\t\t\t\t\t\t\t\t\t<\/div>\n\t\t\t\t\n\t\t\t\t        <div class=\"post-footer\">\n            <div class=\"post-footer\">\n                <div class=\"read-more\">\n                    <a data-id=\"1023\" href=\"https:\/\/atalakulo.hu\/holnap\/civilla\/2025\/06\/04\/szaytor-klub-megelhetes-a-homokon\/\" class=\"tpg-post-link\" target=\"_self\">ELOLVASOM<\/a>                <\/div>\n            <\/div>\n        <\/div>\n        \t\t\t<\/div>\n\t\t<\/div>\n\t<\/div>\n<\/div>\n\n<div class=\"rt-col-md-12 rt-col-sm-6 rt-col-xs-12 default rt-grid-hover-item rt-grid-item\" data-id=\"1012\">\n\t<div class=\"rt-holder tpg-post-holder \">\n\t\t<div class=\"rt-detail rt-el-content-wrapper\">\n\t\t\t\t\t\t\t<div class=\"rt-img-holder tpg-el-image-wrap has-thumbnail\">\n\t\t\t\t\t<a data-id=\"1012\" href=\"https:\/\/atalakulo.hu\/holnap\/civilla\/2025\/04\/12\/husveti-piac\/\" class=\"tpg-post-link\" target=\"_self\">                        <img decoding=\"async\" src=\"https:\/\/atalakulo.hu\/holnap\/civilla\/wp-content\/uploads\/sites\/4\/2025\/04\/husveti-Piac-honlap-kep-768x512.png\"\n                             class=\"rt-img-responsive\"\n                             width=\"768\"\n                             height=\"512\"\n                             alt=\"H\u00daSV\u00c9TI PIAC\">\n                        \n                            \n        <\/a>\n                <div class=\"overlay grid-hover-content\"><\/div>\n        \t\t\t\t<\/div>\n\t\t\t\n\t\t\t<div class=\"grid-hover-content\">\n\n\t\t\t\t<div class=\"entry-title-wrapper\"><h1 class=\"entry-title\"><a data-id=\"1012\" href=\"https:\/\/atalakulo.hu\/holnap\/civilla\/2025\/04\/12\/husveti-piac\/\" class=\"tpg-post-link\" target=\"_self\">H\u00daSV\u00c9TI PIAC<\/a><\/h1><\/div>\n\n\t\t\t\t\n\t\t\t\t\t\t\t\t\t<div class=\"tpg-excerpt tpg-el-excerpt\">\n\t\t\t\t\t\t\t\t\t\t\t\t\t<div class=\"tpg-excerpt-inner\">\n\t\t\t\t\t\t\t\tItt a tavasz, nyakunkon a h\u00fasv\u00e9t, a Kecskem\u00e9ti Szatyor Bev\u00e1s\u00e1rl\u00f3k\u00f6z\u00f6ss\u00e9g kit\u00e1rja kapuit a min\u0151s\u00e9gi...\t\t\t\t\t\t\t<\/div>\n\t\t\t\t\t\t\t\t\t\t\t\t\t\t\t\t\t<\/div>\n\t\t\t\t\n\t\t\t\t        <div class=\"post-footer\">\n            <div class=\"post-footer\">\n                <div class=\"read-more\">\n                    <a data-id=\"1012\" href=\"https:\/\/atalakulo.hu\/holnap\/civilla\/2025\/04\/12\/husveti-piac\/\" class=\"tpg-post-link\" target=\"_self\">ELOLVASOM<\/a>                <\/div>\n            <\/div>\n        <\/div>\n        \t\t\t<\/div>\n\t\t<\/div>\n\t<\/div>\n<\/div>\n\n<div class=\"rt-col-md-12 rt-col-sm-6 rt-col-xs-12 default rt-grid-hover-item rt-grid-item\" data-id=\"994\">\n\t<div class=\"rt-holder tpg-post-holder \">\n\t\t<div class=\"rt-detail rt-el-content-wrapper\">\n\t\t\t\t\t\t\t<div class=\"rt-img-holder tpg-el-image-wrap has-thumbnail\">\n\t\t\t\t\t<a data-id=\"994\" href=\"https:\/\/atalakulo.hu\/holnap\/civilla\/2025\/03\/25\/szatyor-klub-ungvarine-s-eszterrel\/\" class=\"tpg-post-link\" target=\"_self\">                        <img decoding=\"async\" src=\"https:\/\/atalakulo.hu\/holnap\/civilla\/wp-content\/uploads\/sites\/4\/2025\/03\/Ungvarine-Sz.-Eszter-1920-x-1005-keppont-1200-x-800-keppont-1-768x512.png\"\n                             class=\"rt-img-responsive\"\n                             width=\"768\"\n                             height=\"512\"\n                             alt=\"Szatyor klub Ungv\u00e1rin\u00e9 S. Eszterrel\">\n                        \n                            \n        <\/a>\n                <div class=\"overlay grid-hover-content\"><\/div>\n        \t\t\t\t<\/div>\n\t\t\t\n\t\t\t<div class=\"grid-hover-content\">\n\n\t\t\t\t<div class=\"entry-title-wrapper\"><h1 class=\"entry-title\"><a data-id=\"994\" href=\"https:\/\/atalakulo.hu\/holnap\/civilla\/2025\/03\/25\/szatyor-klub-ungvarine-s-eszterrel\/\" class=\"tpg-post-link\" target=\"_self\">Szatyor klub Ungv\u00e1rin\u00e9 S. Eszterrel<\/a><\/h1><\/div>\n\n\t\t\t\t\n\t\t\t\t\t\t\t\t\t<div class=\"tpg-excerpt tpg-el-excerpt\">\n\t\t\t\t\t\t\t\t\t\t\t\t\t<div class=\"tpg-excerpt-inner\">\n\t\t\t\t\t\t\t\t2025. 04. 01. kedd, 16:30- 18:00 Eszter k\u00f6rnyezetgazd\u00e1lkod\u00e1si agr\u00e1rm\u00e9rn\u00f6k, biol\u00f3giai...\t\t\t\t\t\t\t<\/div>\n\t\t\t\t\t\t\t\t\t\t\t\t\t\t\t\t\t<\/div>\n\t\t\t\t\n\t\t\t\t        <div class=\"post-footer\">\n            <div class=\"post-footer\">\n                <div class=\"read-more\">\n                    <a data-id=\"994\" href=\"https:\/\/atalakulo.hu\/holnap\/civilla\/2025\/03\/25\/szatyor-klub-ungvarine-s-eszterrel\/\" class=\"tpg-post-link\" target=\"_self\">ELOLVASOM<\/a>                <\/div>\n            <\/div>\n        <\/div>\n        \t\t\t<\/div>\n\t\t<\/div>\n\t<\/div>\n<\/div>\n\n<div class=\"rt-col-md-12 rt-col-sm-6 rt-col-xs-12 default rt-grid-hover-item rt-grid-item\" data-id=\"974\">\n\t<div class=\"rt-holder tpg-post-holder \">\n\t\t<div class=\"rt-detail rt-el-content-wrapper\">\n\t\t\t\t\t\t\t<div class=\"rt-img-holder tpg-el-image-wrap has-thumbnail\">\n\t\t\t\t\t<a data-id=\"974\" href=\"https:\/\/atalakulo.hu\/holnap\/civilla\/2025\/03\/10\/iii-agrookologiai-napok\/\" class=\"tpg-post-link\" target=\"_self\">                        <img loading=\"lazy\" decoding=\"async\" src=\"https:\/\/atalakulo.hu\/holnap\/civilla\/wp-content\/uploads\/sites\/4\/2025\/03\/480814318_1044803934358910_9010016660359474014_n-768x284.jpg\"\n                             class=\"rt-img-responsive\"\n                             width=\"768\"\n                             height=\"284\"\n                             alt=\"III. Agro\u00f6kol\u00f3giai Napok\">\n                        \n                            \n        <\/a>\n                <div class=\"overlay grid-hover-content\"><\/div>\n        \t\t\t\t<\/div>\n\t\t\t\n\t\t\t<div class=\"grid-hover-content\">\n\n\t\t\t\t<div class=\"entry-title-wrapper\"><h1 class=\"entry-title\"><a data-id=\"974\" href=\"https:\/\/atalakulo.hu\/holnap\/civilla\/2025\/03\/10\/iii-agrookologiai-napok\/\" class=\"tpg-post-link\" target=\"_self\">III. Agro\u00f6kol\u00f3giai Napok<\/a><\/h1><\/div>\n\n\t\t\t\t\n\t\t\t\t\t\t\t\t\t<div class=\"tpg-excerpt tpg-el-excerpt\">\n\t\t\t\t\t\t\t\t\t\t\t\t\t<div class=\"tpg-excerpt-inner\">\n\t\t\t\t\t\t\t\tSzeretn\u00e9nk megh\u00edvni soron k\u00f6vetkez\u0151 rendezv\u00e9ny\u00fcnkre, ahol tagjaink bemutatj\u00e1k tev\u00e9kenys\u00e9geiket...\t\t\t\t\t\t\t<\/div>\n\t\t\t\t\t\t\t\t\t\t\t\t\t\t\t\t\t<\/div>\n\t\t\t\t\n\t\t\t\t        <div class=\"post-footer\">\n            <div class=\"post-footer\">\n                <div class=\"read-more\">\n                    <a data-id=\"974\" href=\"https:\/\/atalakulo.hu\/holnap\/civilla\/2025\/03\/10\/iii-agrookologiai-napok\/\" class=\"tpg-post-link\" target=\"_self\">ELOLVASOM<\/a>                <\/div>\n            <\/div>\n        <\/div>\n        \t\t\t<\/div>\n\t\t<\/div>\n\t<\/div>\n<\/div>\n\n<div class=\"rt-col-md-12 rt-col-sm-6 rt-col-xs-12 default rt-grid-hover-item rt-grid-item\" data-id=\"899\">\n\t<div class=\"rt-holder tpg-post-holder \">\n\t\t<div class=\"rt-detail rt-el-content-wrapper\">\n\t\t\t\t\t\t\t<div class=\"rt-img-holder tpg-el-image-wrap has-thumbnail\">\n\t\t\t\t\t<a data-id=\"899\" href=\"https:\/\/atalakulo.hu\/holnap\/civilla\/2025\/02\/25\/fermentalo-workshop-juhasz-orsival\/\" class=\"tpg-post-link\" target=\"_self\">                        <img loading=\"lazy\" decoding=\"async\" src=\"https:\/\/atalakulo.hu\/holnap\/civilla\/wp-content\/uploads\/sites\/4\/2025\/02\/Screenshot-2025-02-25-at-19.23.00-768x404.png\"\n                             class=\"rt-img-responsive\"\n                             width=\"768\"\n                             height=\"404\"\n                             alt=\"Ferment\u00e1l\u00f3 workshop Juh\u00e1sz Orsival\">\n                        \n                            \n        <\/a>\n                <div class=\"overlay grid-hover-content\"><\/div>\n        \t\t\t\t<\/div>\n\t\t\t\n\t\t\t<div class=\"grid-hover-content\">\n\n\t\t\t\t<div class=\"entry-title-wrapper\"><h1 class=\"entry-title\"><a data-id=\"899\" href=\"https:\/\/atalakulo.hu\/holnap\/civilla\/2025\/02\/25\/fermentalo-workshop-juhasz-orsival\/\" class=\"tpg-post-link\" target=\"_self\">Ferment\u00e1l\u00f3 workshop Juh\u00e1sz Orsival<\/a><\/h1><\/div>\n\n\t\t\t\t\n\t\t\t\t\t\t\t\t\t<div class=\"tpg-excerpt tpg-el-excerpt\">\n\t\t\t\t\t\t\t\t\t\t\t\t\t<div class=\"tpg-excerpt-inner\">\n\t\t\t\t\t\t\t\t&#8222;A betegs\u00e9g a belekben kezd\u0151dik&#8221;. Sokan hallott\u00e1tok m\u00e1r ezt a mondatot, de hogy mit is...\t\t\t\t\t\t\t<\/div>\n\t\t\t\t\t\t\t\t\t\t\t\t\t\t\t\t\t<\/div>\n\t\t\t\t\n\t\t\t\t        <div class=\"post-footer\">\n            <div class=\"post-footer\">\n                <div class=\"read-more\">\n                    <a data-id=\"899\" href=\"https:\/\/atalakulo.hu\/holnap\/civilla\/2025\/02\/25\/fermentalo-workshop-juhasz-orsival\/\" class=\"tpg-post-link\" target=\"_self\">ELOLVASOM<\/a>                <\/div>\n            <\/div>\n        <\/div>\n        \t\t\t<\/div>\n\t\t<\/div>\n\t<\/div>\n<\/div>\n\n<div class=\"rt-col-md-12 rt-col-sm-6 rt-col-xs-12 default rt-grid-hover-item rt-grid-item\" data-id=\"896\">\n\t<div class=\"rt-holder tpg-post-holder \">\n\t\t<div class=\"rt-detail rt-el-content-wrapper\">\n\t\t\t\t\t\t\t<div class=\"rt-img-holder tpg-el-image-wrap has-thumbnail\">\n\t\t\t\t\t<a data-id=\"896\" href=\"https:\/\/atalakulo.hu\/holnap\/civilla\/2025\/02\/25\/nonapi-maganykiadas-felolvashow\/\" class=\"tpg-post-link\" target=\"_self\">                        <img loading=\"lazy\" decoding=\"async\" src=\"https:\/\/atalakulo.hu\/holnap\/civilla\/wp-content\/uploads\/sites\/4\/2025\/02\/Screenshot-2025-02-25-at-19.02.17-768x409.png\"\n                             class=\"rt-img-responsive\"\n                             width=\"768\"\n                             height=\"409\"\n                             alt=\"N\u0151napi Mag\u00e1nykiad\u00e1s FelolvaSHOW\">\n                        \n                            \n        <\/a>\n                <div class=\"overlay grid-hover-content\"><\/div>\n        \t\t\t\t<\/div>\n\t\t\t\n\t\t\t<div class=\"grid-hover-content\">\n\n\t\t\t\t<div class=\"entry-title-wrapper\"><h1 class=\"entry-title\"><a data-id=\"896\" href=\"https:\/\/atalakulo.hu\/holnap\/civilla\/2025\/02\/25\/nonapi-maganykiadas-felolvashow\/\" class=\"tpg-post-link\" target=\"_self\">N\u0151napi Mag\u00e1nykiad\u00e1s FelolvaSHOW<\/a><\/h1><\/div>\n\n\t\t\t\t\n\t\t\t\t\t\t\t\t\t<div class=\"tpg-excerpt tpg-el-excerpt\">\n\t\t\t\t\t\t\t\t\t\t\t\t\t<div class=\"tpg-excerpt-inner\">\n\t\t\t\t\t\t\t\t2025 m\u00e1rcius 7. p\u00e9ntek 19:30-21:30 A Mag\u00e1nykiad\u00e1s &#8211; felolvaSHOW c\u00edm\u0171 el\u0151ad\u00e1s egy versekre...\t\t\t\t\t\t\t<\/div>\n\t\t\t\t\t\t\t\t\t\t\t\t\t\t\t\t\t<\/div>\n\t\t\t\t\n\t\t\t\t        <div class=\"post-footer\">\n            <div class=\"post-footer\">\n                <div class=\"read-more\">\n                    <a data-id=\"896\" href=\"https:\/\/atalakulo.hu\/holnap\/civilla\/2025\/02\/25\/nonapi-maganykiadas-felolvashow\/\" class=\"tpg-post-link\" target=\"_self\">ELOLVASOM<\/a>                <\/div>\n            <\/div>\n        <\/div>\n        \t\t\t<\/div>\n\t\t<\/div>\n\t<\/div>\n<\/div>\n\n<div class=\"rt-col-md-12 rt-col-sm-6 rt-col-xs-12 default rt-grid-hover-item rt-grid-item\" data-id=\"881\">\n\t<div class=\"rt-holder tpg-post-holder \">\n\t\t<div class=\"rt-detail rt-el-content-wrapper\">\n\t\t\t\t\t\t\t<div class=\"rt-img-holder tpg-el-image-wrap has-thumbnail\">\n\t\t\t\t\t<a data-id=\"881\" href=\"https:\/\/atalakulo.hu\/holnap\/civilla\/2025\/02\/25\/vegyszermentes-konyhakertesz-workshop\/\" class=\"tpg-post-link\" target=\"_self\">                        <img loading=\"lazy\" decoding=\"async\" src=\"https:\/\/atalakulo.hu\/holnap\/civilla\/wp-content\/uploads\/sites\/4\/2025\/02\/konyhakertesz-ws-768x512.jpg\"\n                             class=\"rt-img-responsive\"\n                             width=\"768\"\n                             height=\"512\"\n                             alt=\"Vegyszermentes konyhakert\u00e9sz workshop\">\n                        \n                            \n        <\/a>\n                <div class=\"overlay grid-hover-content\"><\/div>\n        \t\t\t\t<\/div>\n\t\t\t\n\t\t\t<div class=\"grid-hover-content\">\n\n\t\t\t\t<div class=\"entry-title-wrapper\"><h1 class=\"entry-title\"><a data-id=\"881\" href=\"https:\/\/atalakulo.hu\/holnap\/civilla\/2025\/02\/25\/vegyszermentes-konyhakertesz-workshop\/\" class=\"tpg-post-link\" target=\"_self\">Vegyszermentes konyhakert\u00e9sz workshop<\/a><\/h1><\/div>\n\n\t\t\t\t\n\t\t\t\t\t\t\t\t\t<div class=\"tpg-excerpt tpg-el-excerpt\">\n\t\t\t\t\t\t\t\t\t\t\t\t\t<div class=\"tpg-excerpt-inner\">\n\t\t\t\t\t\t\t\tV\u00e1ltoztasd meg \u00f6r\u00f6kre a kerted, teremts Ehet\u0151 Kertet! Kedves kert\u00e9szek \u00e9s kert\u00e9szkedni...\t\t\t\t\t\t\t<\/div>\n\t\t\t\t\t\t\t\t\t\t\t\t\t\t\t\t\t<\/div>\n\t\t\t\t\n\t\t\t\t        <div class=\"post-footer\">\n            <div class=\"post-footer\">\n                <div class=\"read-more\">\n                    <a data-id=\"881\" href=\"https:\/\/atalakulo.hu\/holnap\/civilla\/2025\/02\/25\/vegyszermentes-konyhakertesz-workshop\/\" class=\"tpg-post-link\" target=\"_self\">ELOLVASOM<\/a>                <\/div>\n            <\/div>\n        <\/div>\n        \t\t\t<\/div>\n\t\t<\/div>\n\t<\/div>\n<\/div>\n\n<div class=\"rt-col-md-12 rt-col-sm-6 rt-col-xs-12 default rt-grid-hover-item rt-grid-item\" data-id=\"850\">\n\t<div class=\"rt-holder tpg-post-holder \">\n\t\t<div class=\"rt-detail rt-el-content-wrapper\">\n\t\t\t\t\t\t\t<div class=\"rt-img-holder tpg-el-image-wrap has-thumbnail\">\n\t\t\t\t\t<a data-id=\"850\" href=\"https:\/\/atalakulo.hu\/holnap\/civilla\/2025\/02\/24\/forgacs-monika-homoktol-az-elo-kert-fele\/\" class=\"tpg-post-link\" target=\"_self\">                        <img loading=\"lazy\" decoding=\"async\" src=\"https:\/\/atalakulo.hu\/holnap\/civilla\/wp-content\/uploads\/sites\/4\/2025\/02\/marc-honlap-1200-x-800-keppont-768x512.jpg\"\n                             class=\"rt-img-responsive\"\n                             width=\"768\"\n                             height=\"512\"\n                             alt=\"Forg\u00e1cs M\u00f3nika\">\n                        \n                            \n        <\/a>\n                <div class=\"overlay grid-hover-content\"><\/div>\n        \t\t\t\t<\/div>\n\t\t\t\n\t\t\t<div class=\"grid-hover-content\">\n\n\t\t\t\t<div class=\"entry-title-wrapper\"><h1 class=\"entry-title\"><a data-id=\"850\" href=\"https:\/\/atalakulo.hu\/holnap\/civilla\/2025\/02\/24\/forgacs-monika-homoktol-az-elo-kert-fele\/\" class=\"tpg-post-link\" target=\"_self\">Szatyor Klub Forg\u00e1cs M\u00f3nik\u00e1val<\/a><\/h1><\/div>\n\n\t\t\t\t\n\t\t\t\t\t\t\t\t\t<div class=\"tpg-excerpt tpg-el-excerpt\">\n\t\t\t\t\t\t\t\t\t\t\t\t\t<div class=\"tpg-excerpt-inner\">\n\t\t\t\t\t\t\t\tA HOMOKT\u00d3L AZ \u00c9L\u0150 KERT FEL\u00c9&#8230; 2025 m\u00e1rcius 4. 16:30-18:00 M\u00e1rciusi klub alkalmunk megh\u00edvott...\t\t\t\t\t\t\t<\/div>\n\t\t\t\t\t\t\t\t\t\t\t\t\t\t\t\t\t<\/div>\n\t\t\t\t\n\t\t\t\t        <div class=\"post-footer\">\n            <div class=\"post-footer\">\n                <div class=\"read-more\">\n                    <a data-id=\"850\" href=\"https:\/\/atalakulo.hu\/holnap\/civilla\/2025\/02\/24\/forgacs-monika-homoktol-az-elo-kert-fele\/\" class=\"tpg-post-link\" target=\"_self\">ELOLVASOM<\/a>                <\/div>\n            <\/div>\n        <\/div>\n        \t\t\t<\/div>\n\t\t<\/div>\n\t<\/div>\n<\/div>\n\n<div class=\"rt-col-md-12 rt-col-sm-6 rt-col-xs-12 default rt-grid-hover-item rt-grid-item\" data-id=\"819\">\n\t<div class=\"rt-holder tpg-post-holder \">\n\t\t<div class=\"rt-detail rt-el-content-wrapper\">\n\t\t\t\t\t\t\t<div class=\"rt-img-holder tpg-el-image-wrap has-thumbnail\">\n\t\t\t\t\t<a data-id=\"819\" href=\"https:\/\/atalakulo.hu\/holnap\/civilla\/2025\/02\/05\/xii-kecskemeti-magvas-nap-2025-marcius-1\/\" class=\"tpg-post-link\" target=\"_self\">                        <img loading=\"lazy\" decoding=\"async\" src=\"https:\/\/atalakulo.hu\/holnap\/civilla\/wp-content\/uploads\/sites\/4\/2025\/02\/Kozos-1200-x-800-keppont-768x512.jpg\"\n                             class=\"rt-img-responsive\"\n                             width=\"768\"\n                             height=\"512\"\n                             alt=\"XII. Kecskem\u00e9ti Magvas Nap\">\n                        \n                            \n        <\/a>\n                <div class=\"overlay grid-hover-content\"><\/div>\n        \t\t\t\t<\/div>\n\t\t\t\n\t\t\t<div class=\"grid-hover-content\">\n\n\t\t\t\t<div class=\"entry-title-wrapper\"><h1 class=\"entry-title\"><a data-id=\"819\" href=\"https:\/\/atalakulo.hu\/holnap\/civilla\/2025\/02\/05\/xii-kecskemeti-magvas-nap-2025-marcius-1\/\" class=\"tpg-post-link\" target=\"_self\">XII. Kecskem\u00e9ti Magvas Nap<\/a><\/h1><\/div>\n\n\t\t\t\t\n\t\t\t\t\t\t\t\t\t<div class=\"tpg-excerpt tpg-el-excerpt\">\n\t\t\t\t\t\t\t\t\t\t\t\t\t<div class=\"tpg-excerpt-inner\">\n\t\t\t\t\t\t\t\tSz\u00e1munkra is felemel\u0151 le\u00edrni, de id\u00e9n 12. alkalommal ker\u00fcl megrendez\u00e9sre Kecskem\u00e9t v\u00e1ros\u00e1ban a...\t\t\t\t\t\t\t<\/div>\n\t\t\t\t\t\t\t\t\t\t\t\t\t\t\t\t\t<\/div>\n\t\t\t\t\n\t\t\t\t        <div class=\"post-footer\">\n            <div class=\"post-footer\">\n                <div class=\"read-more\">\n                    <a data-id=\"819\" href=\"https:\/\/atalakulo.hu\/holnap\/civilla\/2025\/02\/05\/xii-kecskemeti-magvas-nap-2025-marcius-1\/\" class=\"tpg-post-link\" target=\"_self\">ELOLVASOM<\/a>                <\/div>\n            <\/div>\n        <\/div>\n        \t\t\t<\/div>\n\t\t<\/div>\n\t<\/div>\n<\/div>\n            <\/div>\n\n\t\t\t        <\/div>\n\t\t\t\t\t\t<\/div>\n\t\t\t\t<\/div>\n\t\t\t\t\t<\/div>\n\t\t\t\t<\/div>\n\t\t<div class=\"elementor-element elementor-element-71ce8ec e-flex e-con-boxed e-con e-parent\" data-id=\"71ce8ec\" data-element_type=\"container\" data-e-type=\"container\">\n\t\t\t\t\t<div class=\"e-con-inner\">\n\t\t\t\t<div class=\"elementor-element elementor-element-6e135ce elementor-widget elementor-widget-html\" data-id=\"6e135ce\" data-element_type=\"widget\" data-e-type=\"widget\" data-widget_type=\"html.default\">\n\t\t\t\t<div class=\"elementor-widget-container\">\n\t\t\t\t\t\n  <div id='pgcalendar-9e4690731d72891d0a1022e710e2e9f5e6e40ca902d4732d85d3a94d81f6aeb6' class='pgcal-container'>loading...<\/div>\n  <div class='pgcal-branding'>Powered by <a href='https:\/\/wordpress.org\/plugins\/pretty-google-calendar\/'>Pretty Google Calendar<\/a><\/div>\n  \n\t\t\t\t<\/div>\n\t\t\t\t<\/div>\n\t\t\t\t\t<\/div>\n\t\t\t\t<\/div>\n\t\t\t\t<\/div>\n\t\t","protected":false},"excerpt":{"rendered":"<p>N\u00e1lunk zajlik az \u00e9let!\u00a0 Gyere TE is, v\u00e1runk szeretettel!\u00a0\u00a0 Esem\u00e9nyeink Ferment\u00e1l\u00f3 workshop Juh\u00e1sz Orsival &#8222;A betegs\u00e9g a belekben kezd\u0151dik&#8221;. Sokan hallott\u00e1tok m\u00e1r ezt a mondatot, de hogy mit is&#8230; ELOLVASOM N\u0151napi Mag\u00e1nykiad\u00e1s FelolvaSHOW 2025 m\u00e1rcius 7. p\u00e9ntek 19:30-21:30 A Mag\u00e1nykiad\u00e1s &#8211; felolvaSHOW c\u00edm\u0171 el\u0151ad\u00e1s egy versekre&#8230; ELOLVASOM Vegyszermentes konyhakert\u00e9sz workshop V\u00e1ltoztasd meg \u00f6r\u00f6kre a kerted, &hellip; <\/p>\n","protected":false},"author":8,"featured_media":0,"parent":0,"menu_order":0,"comment_status":"closed","ping_status":"closed","template":"","meta":{"_monsterinsights_skip_tracking":false,"_monsterinsights_sitenote_active":false,"_monsterinsights_sitenote_note":"","_monsterinsights_sitenote_category":0,"footnotes":""},"class_list":["post-237","page","type-page","status-publish","hentry","wpautop"],"aioseo_notices":[],"featured_image_src":null,"rttpg_featured_image_url":null,"rttpg_author":{"display_name":"feketelaci","author_link":"https:\/\/atalakulo.hu\/holnap\/civilla\/author\/feketelaci\/"},"rttpg_comment":0,"rttpg_category":"","rttpg_excerpt":"N\u00e1lunk zajlik az \u00e9let!\u00a0 Gyere TE is, v\u00e1runk szeretettel!\u00a0\u00a0 Esem\u00e9nyeink Ferment\u00e1l\u00f3 workshop Juh\u00e1sz Orsival &#8222;A betegs\u00e9g a belekben kezd\u0151dik&#8221;. Sokan hallott\u00e1tok m\u00e1r ezt a mondatot, de hogy mit is&#8230; ELOLVASOM N\u0151napi Mag\u00e1nykiad\u00e1s FelolvaSHOW 2025 m\u00e1rcius 7. p\u00e9ntek 19:30-21:30 A Mag\u00e1nykiad\u00e1s &#8211; felolvaSHOW c\u00edm\u0171 el\u0151ad\u00e1s egy versekre&#8230; ELOLVASOM Vegyszermentes konyhakert\u00e9sz workshop V\u00e1ltoztasd meg \u00f6r\u00f6kre a kerted,&hellip;","_links":{"self":[{"href":"https:\/\/atalakulo.hu\/holnap\/civilla\/wp-json\/wp\/v2\/pages\/237","targetHints":{"allow":["GET"]}}],"collection":[{"href":"https:\/\/atalakulo.hu\/holnap\/civilla\/wp-json\/wp\/v2\/pages"}],"about":[{"href":"https:\/\/atalakulo.hu\/holnap\/civilla\/wp-json\/wp\/v2\/types\/page"}],"author":[{"embeddable":true,"href":"https:\/\/atalakulo.hu\/holnap\/civilla\/wp-json\/wp\/v2\/users\/8"}],"replies":[{"embeddable":true,"href":"https:\/\/atalakulo.hu\/holnap\/civilla\/wp-json\/wp\/v2\/comments?post=237"}],"version-history":[{"count":44,"href":"https:\/\/atalakulo.hu\/holnap\/civilla\/wp-json\/wp\/v2\/pages\/237\/revisions"}],"predecessor-version":[{"id":933,"href":"https:\/\/atalakulo.hu\/holnap\/civilla\/wp-json\/wp\/v2\/pages\/237\/revisions\/933"}],"wp:attachment":[{"href":"https:\/\/atalakulo.hu\/holnap\/civilla\/wp-json\/wp\/v2\/media?parent=237"}],"curies":[{"name":"wp","href":"https:\/\/api.w.org\/{rel}","templated":true}]}}